{"id":1310,"date":"2025-08-31T13:18:27","date_gmt":"2025-08-31T11:18:27","guid":{"rendered":"https:\/\/mellomgarden.nu\/?post_type=mec-events&#038;p=1310"},"modified":"2025-08-31T13:18:27","modified_gmt":"2025-08-31T11:18:27","slug":"hostmarknad-pa-mellomgarden","status":"publish","type":"mec-events","link":"https:\/\/mellomgarden.nu\/en\/events\/hostmarknad-pa-mellomgarden\/","title":{"rendered":"H\u00f6stmarknad p\u00e5 Mellomg\u00e5rden"},"content":{"rendered":"<div class=\"xdj266r x11i5rnm xat24cr x1mh8g0r x1vvkbs\">\n<p><strong>V\u00e4lkommen p\u00e5 h\u00f6stmarknad hos oss h\u00e4r p\u00e5 Mellomg\u00e5rden.<\/strong><br \/>\nDet kommer att erbjudas ett varierat utbud av allt fr\u00e5n snickerier, gr\u00f6nsaker med mera. Barnaktiviteter kommer ocks\u00e5 att finnas denna dag \u2013 s\u00e5 missa inte en h\u00e4rlig dag hos oss!<\/p>\n<p>\ud83d\udcc5 Datum: 21 september<br \/>\n\ud83d\udd5a Tid: 11.00\u201316.00 (marknad), fika och galetter serveras 11.00\u201317.00<\/p>\n<p>Och givetvis \u2013 hembakat fika och v\u00e5ra popul\u00e4ra galetter finns att njuta av under dagen!<\/p>\n<p>Varmt v\u00e4lkomna!!<br \/>\nMvh Mattias och \u00c5sa<\/p>\n<\/div>","protected":false},"excerpt":{"rendered":"<p>V\u00e4lkommen p\u00e5 h\u00f6stmarknad hos oss h\u00e4r p\u00e5 Mellomg\u00e5rden. Det kommer att erbjudas ett varierat utbud av allt fr\u00e5n snickerier, gr\u00f6nsaker med mera. Barnaktiviteter kommer ocks\u00e5 att finnas denna dag \u2013 s\u00e5 missa inte en h\u00e4rlig dag hos oss! \ud83d\udcc5 Datum: 21 september \ud83d\udd5a Tid: 11.00\u201316.00 (marknad), fika och galetter serveras 11.00\u201317.00 Och givetvis \u2013 hembakat [&hellip;]<\/p>\n","protected":false},"author":1,"featured_media":1311,"comment_status":"closed","ping_status":"closed","template":"","tags":[],"mec_category":[27,26],"class_list":["post-1310","mec-events","type-mec-events","status-publish","has-post-thumbnail","hentry","mec_category-marknad","mec_category-utstallning"],"_links":{"self":[{"href":"https:\/\/mellomgarden.nu\/en\/wp-json\/wp\/v2\/mec-events\/1310","targetHints":{"allow":["GET"]}}],"collection":[{"href":"https:\/\/mellomgarden.nu\/en\/wp-json\/wp\/v2\/mec-events"}],"about":[{"href":"https:\/\/mellomgarden.nu\/en\/wp-json\/wp\/v2\/types\/mec-events"}],"author":[{"embeddable":true,"href":"https:\/\/mellomgarden.nu\/en\/wp-json\/wp\/v2\/users\/1"}],"replies":[{"embeddable":true,"href":"https:\/\/mellomgarden.nu\/en\/wp-json\/wp\/v2\/comments?post=1310"}],"wp:featuredmedia":[{"embeddable":true,"href":"https:\/\/mellomgarden.nu\/en\/wp-json\/wp\/v2\/media\/1311"}],"wp:attachment":[{"href":"https:\/\/mellomgarden.nu\/en\/wp-json\/wp\/v2\/media?parent=1310"}],"wp:term":[{"taxonomy":"post_tag","embeddable":true,"href":"https:\/\/mellomgarden.nu\/en\/wp-json\/wp\/v2\/tags?post=1310"},{"taxonomy":"mec_category","embeddable":true,"href":"https:\/\/mellomgarden.nu\/en\/wp-json\/wp\/v2\/mec_category?post=1310"}],"curies":[{"name":"wp","href":"https:\/\/api.w.org\/{rel}","templated":true}]}}